{"id":66,"date":"2021-04-24T11:51:38","date_gmt":"2021-04-24T11:51:38","guid":{"rendered":"http:\/\/rechtsanwalt-sen.de\/tr\/?page_id=66"},"modified":"2021-07-10T15:18:10","modified_gmt":"2021-07-10T15:18:10","slug":"home","status":"publish","type":"page","link":"https:\/\/rechtsanwalt-sen.de\/tr\/","title":{"rendered":"Kanzlei"},"content":{"rendered":"<h2>AVUKATINIZ<\/h2>\n<h4 style=\"text-align: left;\">\u0130\u015fimiz en b\u00fcy\u00fck tutkumuzdur.<br \/>Siz sayg\u0131de\u011fer m\u00fcvekkillerimize her zaman \u00f6zel ve en m\u00fckemmel deste\u011fi sa\u011flayaca\u011f\u0131m\u0131z\u0131 pe\u015finen garanti ediyoruz.<\/h4>\n<p>Amacimiz, uygulanabilir \u00e7\u00f6z\u00fcmlerin tam kapsamli bir anlayisiyla yenilik\u00e7i ve her konuda m\u00fcvekkillerimize birinci sinif hukuki danismanlik hizmeti saglamaktir.<\/p>\n<p>Siz degerli m\u00fcvekkillerimize her zaman ve olabildigince y\u00fcksek kalite standartlarinda m\u00fckemmel hizmetler sunmak bizim olagan\u00fcst\u00fc iddiamizdir. Yorumlar b\u00f6l\u00fcm\u00fcnde g\u00f6r\u00fclmekte oldugu gibi, bug\u00fcne dek tarafimiza atvedilmis olan bu m\u00fckemmel ve \u00e7ok y\u00fcksek derecelendirmeler, \u201cm\u00fcvekkillerimizin memnuniyetleri\u201d yasal ve hukuki \u00e7alismalarimizin da kalitesini m\u00fckemmel bir sekilde ortaya koymaktadir.<\/p>\n<p>M\u00fcvekkillerimize sunmus oldugumuz bu birinci sinif ve tamamen \u00f6zel kapsamli hukuk danismanligi \u201cHukuk Ofisi\u2019mizin\u201c israrla takip etmekte oldugu \u00f6zel tutkumuzdan kaynaklanmaktadir.<\/p>\n<p>Yukarida belirtilmis olan t\u00fcm bu nedenlerden dolayi, \u201cHukuk Ofisi\u2019mizin\u201d m\u00fcmk\u00fcn olabilecek en y\u00fcksek ve en iyi performanslari da bu sayede hayata ge\u00e7irilebilmektedir.<\/p>\n<p>\u201cHukuk Ofisi\u2019mizde\u201d tamamen uzmanlasmis olarak \u00e7alismaktayiz. Bu sekilde t\u00fcm hukuki bilgi ve birikimlerimizi ortaya koymak suretiyle, t\u00fcm m\u00fcvekkillerimiz i\u00e7in ortaya konabilecek en pratik ve en net c\u00f6z\u00fcmlerle birlestiriyoruz.<\/p>\n<p>Ayrica, gerek mahkeme s\u00fcresi zarfinda, gerekse de mahkeme s\u00fcresi disinda ortaya konulmasi gerekli olan t\u00fcm yasal ve hukuki yardimlar -bilgilendirmeler- is bu kapsamda siz degerli m\u00fcvekkillerimize hi\u00e7 zaman ge\u00e7irmeksizin uygulanacaktir.<\/p>\n<h4 style=\"text-align: center;\">Unsere Bewertungen<\/h4>\n<hr \/>\n<p><a href=\"https:\/\/www.juraforum.de\/rechtsanwalt\/samet-sen-regensburg#bewertungen\" target=\"_blank\" rel=\"noopener\">JuraForum.de \u2013 Rechtsanwalt Samet Sen<\/a><\/p>\n<p><a href=\"https:\/\/www.juraforum.de\/rechtsanwalt\/samet-sen-regensburg#bewertungen\" target=\"_blank\" rel=\"noopener\"><img loading=\"lazy\" decoding=\"async\" title=\"JuraForum\" src=\"https:\/\/www.juraforum.de\/rechtsanwalt\/siegel?i=2b159\" alt=\"JuraForum\" width=\"180\" height=\"55\" \/><\/a><\/p>\n<p>\t\t\t\t\t\t<i>&#xE933;<\/i><i>&#xE933;<\/i><i>&#xE933;<\/i><i>&#xE933;<\/i><i>&#xE933;<\/i> 5\/5\t\t<\/p>\n<h4>\u00a0<\/h4>\n<h4 style=\"text-align: center;\">Aktuelles<\/h4>\n","protected":false},"excerpt":{"rendered":"<p>AVUKATINIZ \u0130\u015fimiz en b\u00fcy\u00fck tutkumuzdur.Siz sayg\u0131de\u011fer m\u00fcvekkillerimize her zaman \u00f6zel &hellip;<\/p>\n","protected":false},"author":1,"featured_media":0,"parent":0,"menu_order":0,"comment_status":"closed","ping_status":"closed","template":"","meta":{"footnotes":""},"class_list":["post-66","page","type-page","status-publish","hentry"],"_links":{"self":[{"href":"https:\/\/rechtsanwalt-sen.de\/tr\/wp-json\/wp\/v2\/pages\/66","targetHints":{"allow":["GET"]}}],"collection":[{"href":"https:\/\/rechtsanwalt-sen.de\/tr\/wp-json\/wp\/v2\/pages"}],"about":[{"href":"https:\/\/rechtsanwalt-sen.de\/tr\/wp-json\/wp\/v2\/types\/page"}],"author":[{"embeddable":true,"href":"https:\/\/rechtsanwalt-sen.de\/tr\/wp-json\/wp\/v2\/users\/1"}],"replies":[{"embeddable":true,"href":"https:\/\/rechtsanwalt-sen.de\/tr\/wp-json\/wp\/v2\/comments?post=66"}],"version-history":[{"count":632,"href":"https:\/\/rechtsanwalt-sen.de\/tr\/wp-json\/wp\/v2\/pages\/66\/revisions"}],"predecessor-version":[{"id":3301,"href":"https:\/\/rechtsanwalt-sen.de\/tr\/wp-json\/wp\/v2\/pages\/66\/revisions\/3301"}],"wp:attachment":[{"href":"https:\/\/rechtsanwalt-sen.de\/tr\/wp-json\/wp\/v2\/media?parent=66"}],"curies":[{"name":"wp","href":"https:\/\/api.w.org\/{rel}","templated":true}]}}